{"id":3874,"date":"2022-11-22T03:10:19","date_gmt":"2022-11-22T03:10:19","guid":{"rendered":"https:\/\/estudiosadministrativos.com\/inscripcion\/?post_type=product&#038;p=3874"},"modified":"2024-09-15T00:28:42","modified_gmt":"2024-09-15T00:28:42","slug":"ley-de-proteccion-de-datos-personales-y-garantia-de-los-derechos-digitales","status":"publish","type":"product","link":"https:\/\/estudiosadministrativos.com\/inscripcion\/oposiciones\/ley-de-proteccion-de-datos-personales-y-garantia-de-los-derechos-digitales\/","title":{"rendered":"Ley de Protecci\u00f3n de Datos Personales y garant\u00eda de los derechos digitales 3-2018, de 5 de diciembre"},"content":{"rendered":"<p>[et_pb_section fb_built=\u00bb1&#8243; _builder_version=\u00bb3.22&#8243; custom_padding=\u00bb0px||||false|false\u00bb][et_pb_row _builder_version=\u00bb3.25&#8243; background_size=\u00bbinitial\u00bb background_position=\u00bbtop_left\u00bb background_repeat=\u00bbrepeat\u00bb width=\u00bb100%\u00bb custom_padding=\u00bb0px||0px||false|false\u00bb][et_pb_column type=\u00bb4_4&#8243; _builder_version=\u00bb3.25&#8243; custom_padding=\u00bb|||\u00bb custom_padding__hover=\u00bb|||\u00bb][et_pb_wc_breadcrumb _builder_version=\u00bb3.0.47&#8243;][\/et_pb_wc_breadcrumb][et_pb_wc_cart_notice _builder_version=\u00bb3.0.47&#8243;][\/et_pb_wc_cart_notice][et_pb_wc_title _builder_version=\u00bb3.0.47&#8243; width=\u00bb100%\u00bb custom_padding=\u00bb|||0px||\u00bb][\/et_pb_wc_title][\/et_pb_column][\/et_pb_row][et_pb_row column_structure=\u00bb1_2,1_2&#8243; _builder_version=\u00bb4.6.0&#8243; background_size=\u00bbinitial\u00bb background_position=\u00bbtop_left\u00bb background_repeat=\u00bbrepeat\u00bb width=\u00bb100%\u00bb min_height=\u00bb457.2px\u00bb custom_margin=\u00bb|auto|-170px|auto||\u00bb custom_padding=\u00bb0px||||false|false\u00bb][et_pb_column type=\u00bb1_2&#8243; _builder_version=\u00bb4.6.0&#8243; custom_padding=\u00bb|||\u00bb custom_padding__hover=\u00bb|||\u00bb][et_pb_wc_images _builder_version=\u00bb4.6.0&#8243; _module_preset=\u00bbdefault\u00bb min_height=\u00bb476px\u00bb height=\u00bb469px\u00bb max_height=\u00bb467px\u00bb custom_padding=\u00bb|232px||||\u00bb][\/et_pb_wc_images][et_pb_wc_add_to_cart show_stock=\u00bboff\u00bb _builder_version=\u00bb4.6.0&#8243; _module_preset=\u00bbdefault\u00bb width=\u00bb100%\u00bb custom_margin=\u00bb-168px|||||\u00bb border_width_all=\u00bb3px\u00bb][\/et_pb_wc_add_to_cart][\/et_pb_column][et_pb_column type=\u00bb1_2&#8243; _builder_version=\u00bb3.25&#8243; custom_padding=\u00bb|||\u00bb custom_padding__hover=\u00bb|||\u00bb][et_pb_wc_rating _builder_version=\u00bb3.0.47&#8243;][\/et_pb_wc_rating][et_pb_wc_price _builder_version=\u00bb3.0.47&#8243; custom_margin=\u00bb|||-253px||\u00bb][\/et_pb_wc_price][et_pb_wc_description _builder_version=\u00bb3.0.47&#8243; custom_margin=\u00bb|||-256px||\u00bb][\/et_pb_wc_description][et_pb_wc_meta show_sku=\u00bboff\u00bb show_categories=\u00bboff\u00bb show_tags=\u00bboff\u00bb _builder_version=\u00bb4.6.0&#8243; custom_padding=\u00bb44px|||||\u00bb][\/et_pb_wc_meta][\/et_pb_column][\/et_pb_row][et_pb_row _builder_version=\u00bb3.25&#8243; background_size=\u00bbinitial\u00bb background_position=\u00bbtop_left\u00bb background_repeat=\u00bbrepeat\u00bb width=\u00bb100%\u00bb][et_pb_column type=\u00bb4_4&#8243; _builder_version=\u00bb3.25&#8243; custom_padding=\u00bb|||\u00bb custom_padding__hover=\u00bb|||\u00bb][et_pb_wc_tabs include_tabs=\u00bbdescription|\u00bb _builder_version=\u00bb4.6.0&#8243; custom_margin=\u00bb40px|||||\u00bb custom_padding=\u00bb98px|||||\u00bb]\t\t\t\t\t[\/et_pb_wc_tabs][et_pb_wc_upsells _builder_version=\u00bb3.0.47&#8243;][\/et_pb_wc_upsells][et_pb_wc_related_products _builder_version=\u00bb3.0.47&#8243;][\/et_pb_wc_related_products][\/et_pb_column][\/et_pb_row][\/et_pb_section]<\/p>\n","protected":false},"excerpt":{"rendered":"<h2>Ley de Protecci\u00f3n de Datos Personales y garant\u00eda de los derechos digitales<\/h2>\n<h3>Ley Org\u00e1nica 3\/2018, de 5 de diciembre, de Protecci\u00f3n de Datos Personales y<br \/>\ngarant\u00eda de los derechos digitales. T\u00edtulos I, II y III<\/h3>\n<h4>Un solo pago. Acceso indefinido.<\/h4>\n<h5>Contenido (<em>el contenido est\u00e1 en constante ampliaci\u00f3n y actualizaci\u00f3n hasta completar los temas requeridos en cualquier oposici\u00f3n<\/em>)<\/h5>\n","protected":false},"featured_media":3875,"comment_status":"closed","ping_status":"closed","template":"","meta":{"_et_pb_use_builder":"on","_et_pb_old_content":"<h2>Ley de Protecci\u00f3n de Datos Personales y garant\u00eda de los derechos digitales<\/h2>\r\n<h3>Ley Org\u00e1nica 3\/2018, de 5 de diciembre, de Protecci\u00f3n de Datos Personales y\r\ngarant\u00eda de los derechos digitales. T\u00edtulos I, II y III<\/h3>\r\n<h4>Un solo pago. Acceso indefinido.<\/h4>\r\n<h5>Contenido (<em>el contenido est\u00e1 en constante ampliaci\u00f3n y actualizaci\u00f3n hasta completar los temas requeridos en cualquier oposici\u00f3n<\/em>)<\/h5>\r\n<h6 id=\"yui_3_17_2_1_1669085642880_3042\"><strong>T\u00edtulo I<\/strong>. Disposiciones generales. \u00a0Art\u00edculo 1. Objeto de la ley. Art\u00edculo 2. \u00c1mbito de aplicaci\u00f3n de los t\u00edtulos I a IX y de los art\u00edculos 89 a 94. Art\u00edculo 3. Datos de las personas fallecidas.<\/h6>\r\n<h6 id=\"yui_3_17_2_1_1669085642880_4289\"><strong>T\u00edtulo II.<\/strong> Principios de protecci\u00f3n de datos. Art\u00edculo 4. Exactitud de los datos. Art\u00edculo 5. Deber de confidencialidad. Art\u00edculo 6. Tratamiento basado en el consentimiento del afectado. Art\u00edculo 7. Consentimiento de los menores de edad. Art\u00edculo 8. Tratamiento de datos por obligaci\u00f3n legal, inter\u00e9s p\u00fablico o ejercicio de poderes p\u00fablicos. Art\u00edculo 9. Categor\u00edas especiales de datos. Art\u00edculo 10. Tratamiento de datos de naturaleza penal.<\/h6>\r\n<h6><strong>T\u00edtulo III<\/strong>. Derechos de las personas. <b id=\"yui_3_17_2_1_1669085642880_5639\">Cap\u00edtulo I. Transparencia e informaci\u00f3n <\/b>Art\u00edculo 11. Transparencia e informaci\u00f3n al afectado.\u00a0<b id=\"yui_3_17_2_1_1669085642880_5751\">Cap\u00edtulo II.\u00a0<span id=\"yui_3_17_2_1_1669085642880_1627\">Ejercicio de los derechos.\u00a0 <\/span><\/b><span id=\"yui_3_17_2_1_1669085642880_1650\">Art\u00edculo 12. Disposiciones generales sobre ejercicio de los derechos. Art\u00edculo 13. Derecho de acceso. Art\u00edculo 14. Derecho de rectificaci\u00f3n. Art\u00edculo 15. Derecho de supresi\u00f3n. Art\u00edculo 16. Derecho a la limitaci\u00f3n del tratamiento. Art\u00edculo 17. Derecho a la portabilidad. Art\u00edculo 18. Derecho de oposici\u00f3n.<\/span><\/h6>\r\n<div id=\"yui_3_17_2_1_1669085768505_822\">\r\n<div id=\"yui_3_17_2_1_1669085768505_821\" class=\"mod-indent-outer\">\r\n<div id=\"action-menu-5\" class=\"action-menu moodle-actionmenu section-cm-edit-actions commands d-inline\" data-enhance=\"moodle-core-actionmenu\" data-owner=\"#module-10343\">\r\n<div id=\"action-menu-5-menubar\" class=\"menubar d-flex \" role=\"menubar\">\r\n<div class=\"action-menu-item\"><\/div>\r\n<\/div>\r\n<\/div>\r\n<div class=\"contentafterlink\">\r\n<div class=\"no-overflow\">\r\n<div class=\"no-overflow\">\r\n<table><caption>\u00a0<\/caption>\r\n<thead>\r\n<tr>\r\n<th scope=\"col\"><a href=\"https:\/\/estudiosadministrativos.com\/clases\/13092021\/\" target=\"_blank\" rel=\"noopener\">Clase Ley 3\/2018 de Protecci\u00f3n de datos (I) (13\/09\/2021) (arts. 1- 18)<\/a><\/th>\r\n<th scope=\"col\"><\/th>\r\n<\/tr>\r\n<\/thead>\r\n<tbody>\r\n<tr>\r\n<td>\r\n<div><\/div><\/td>\r\n<td><b>T\u00cdt. I: 1. Objeto de la ley. 2. \u00c1mbito de aplicaci\u00f3n de los t\u00edtulos I a IX y de los art\u00edculos 89 a 94; 3. Datos de las personas fallecidas; II. Principios de protecci\u00f3n de datos: 4. Exactitud de los datos; 5. Deber de confidencialidad; 6. Tratamiento basado en el consentimiento del afectado; 7. Consentimiento de los menores de edad; 8. Tratamiento de datos por obligaci\u00f3n legal, inter\u00e9s p\u00fablico o ejercicio de poderes p\u00fablico; 9. Categor\u00edas especiales de datos; Art\u00edculo 10. Tratamiento de datos de naturaleza penal. T\u00edtulo III. Derechos de las personas. Cap\u00edtulo I. Transparencia e informaci\u00f3n. 11. Transparencia e informaci\u00f3n al afectado. II. Ejercicio de los derechos. 12. Disposiciones generales sobre ejercicio de los derechos. 13. Derecho de acceso. 14. Derecho de rectificaci\u00f3n. 15. Derecho de supresi\u00f3n. 16. Derecho a la limitaci\u00f3n del tratamiento. 17. Derecho a la portabilidad. 18. Derecho de oposici\u00f3n.<\/b><\/td>\r\n<\/tr>\r\n<\/tbody>\r\n<\/table>\r\n<\/div>\r\n<\/div>\r\n<\/div>\r\n<\/div>\r\n<\/div>\r\n&nbsp;\r\n<div class=\"mod-indent-outer\">\r\n<div class=\"contentafterlink\">\r\n<div class=\"no-overflow\">\r\n<div class=\"no-overflow\">\r\n<table><caption>\u00a0<\/caption>\r\n<thead>\r\n<tr>\r\n<th scope=\"col\"><a href=\"https:\/\/estudiosadministrativos.com\/clases\/31012022\/\" target=\"_blank\" rel=\"noopener\">Clase Ley Org\u00e1nica 3\/2018, de 5 de diciembre, de Protecci\u00f3n de Datos Personales y Garant\u00eda de los Derechos Digitales (31\/01\/2022) (arts 1 - 9)<\/a><\/th>\r\n<th scope=\"col\"><a href=\"https:\/\/estudiosadministrativos.com\/clases\/18092021\/\" target=\"_blank\" rel=\"noopener\">Resumen de los aspectos m\u00e1s importantes de la Ley de Protecci\u00f3n de Datos al completo y su relaci\u00f3n con el Reglamento + Ley 2\/2004, de 25 de febrero, de Ficheros de Datos de Car\u00e1cter Personal de Titularidad P\u00fablica y de Creaci\u00f3n de la Agencia Vasca de Protecci\u00f3n de Datos. + TEST (18\/09\/2021) (no entra seg\u00fan \u00faltimas bases espef\u00edficas)<\/a><\/th>\r\n<th scope=\"col\"><a href=\"https:\/\/drive.google.com\/file\/d\/1Usrfu4kFjsDeT9UCGl7xSFnPwLHDKxLe\/view?usp=sharing\" target=\"_blank\" rel=\"noopener\">Clase Ley Org\u00e1nica 3\/2018, T\u00edtulo I. Disposiciones generales. T\u00edtulo II. Principios de protecci\u00f3n de datos (arts. 1 - 10) (10\/3\/2022)<\/a><\/th>\r\n<\/tr>\r\n<\/thead>\r\n<\/table>\r\n<\/div>\r\n<\/div>\r\n<\/div>\r\n<\/div>\r\n&nbsp;\r\n<div class=\"mod-indent-outer\">\r\n<div>\r\n\r\n<span class=\"actions\"><span class=\"filler\">\u00a0<\/span><\/span>\r\n<div class=\"contentafterlink\">\r\n<div class=\"no-overflow\">\r\n<div class=\"no-overflow\">\r\n<table><caption>\u00a0<\/caption>\r\n<thead>\r\n<tr>\r\n<th scope=\"col\"><a href=\"https:\/\/estudiosadministrativos.com\/clases\/02062022_5\/\" target=\"_blank\" rel=\"noopener\">Clase Ley de Protecci\u00f3n de datos 3\/2018, T\u00edtulo III: Derechos de las personas (con repaso del T. I y II) (02\/06\/2022)<\/a><\/th>\r\n<th scope=\"col\"><a href=\"https:\/\/estudiosadministrativos.com\/cursos\/course\/view.php?id=100#\" target=\"_blank\" rel=\"noopener\">Clase Ley de Protecci\u00f3n de datos 3\/2018, T\u00edtulo I, T\u00edtulo II y T\u00edtulo III (17\/11\/2022)<\/a><\/th>\r\n<\/tr>\r\n<\/thead>\r\n<tbody>\r\n<tr>\r\n<td>\r\n<div><\/div><\/td>\r\n<td>\r\n<div><\/div><\/td>\r\n<\/tr>\r\n<\/tbody>\r\n<\/table>\r\n<b>Ley Org\u00e1nica 3\/2018, de 5 de diciembre, de Protecci\u00f3n de Datos Personales y garant\u00eda de los derechos digitales. (T\u00edt. I, II y III) Disposiciones generales. Principios de protecci\u00f3n de datos. Derechos de las personas<\/b>\r\n\r\n<\/div>\r\n<\/div>\r\n<\/div>\r\n<\/div>\r\n<\/div>\r\n&nbsp;\r\n<div class=\"mod-indent-outer\">\r\n<div class=\"activityinstance\"><span class=\"inplaceeditable inplaceeditable-text\" data-inplaceeditable=\"1\" data-component=\"core_course\" data-itemtype=\"activityname\" data-itemid=\"10346\" data-value=\"\u2b50 APUNTES Ley Org\u00e1nica 3\/2018, de 5 de diciembre, de Protecci\u00f3n de Datos Personales y garant\u00eda de los derechos digitales\" data-editlabel=\"Nuevo nombre para actividad \u2b50 APUNTES Ley Org\u00e1nica 3\/2018, de 5 de diciembre, de Protecci\u00f3n de Datos Personales y garant\u00eda de los derechos digitales\" data-type=\"text\" data-options=\"\"><a class=\"\" href=\"https:\/\/estudiosadministrativos.com\/cursos\/mod\/resource\/view.php?id=10346\"><img class=\"iconlarge activityicon\" role=\"presentation\" src=\"https:\/\/estudiosadministrativos.com\/cursos\/theme\/image.php?theme=boost&amp;component=core&amp;image=f%2Fpdf-24\" alt=\"\" aria-hidden=\"true\" \/><span class=\"instancename\">\u2b50 APUNTES Ley Org\u00e1nica 3\/2018, de 5 de diciembre, de Protecci\u00f3n de Datos Personales y garant\u00eda de los derechos digitales<\/span><\/a><i class=\"icon fa fa-pencil fa-fw \" title=\"Editar t\u00edtulo\" aria-label=\"Editar t\u00edtulo\"><\/i><\/span><\/div>\r\n<div id=\"action-menu-8\" class=\"action-menu moodle-actionmenu section-cm-edit-actions commands d-inline\" data-enhance=\"moodle-core-actionmenu\" data-owner=\"#module-10346\">\r\n<div id=\"action-menu-8-menubar\" class=\"menubar d-flex \" role=\"menubar\">\r\n<div class=\"action-menu-item\"><a class=\"\" href=\"https:\/\/estudiosadministrativos.com\/cursos\/mod\/resource\/view.php?id=10347\"><img class=\"iconlarge activityicon\" role=\"presentation\" src=\"https:\/\/estudiosadministrativos.com\/cursos\/theme\/image.php?theme=boost&amp;component=core&amp;image=f%2Fpdf-24\" alt=\"\" aria-hidden=\"true\" \/><span class=\"instancename\">\u2b50 APUNTES Ley de Protecci\u00f3n de Datos - Ley Org\u00e1nica 32018 (art 11- 18) - Reglamento (UE) 2016\/679 (art 15, 16, 18, 20, 21)<\/span><\/a><\/div>\r\n<\/div>\r\n<\/div>\r\n<\/div>\r\n<div>\r\n<div class=\"mod-indent-outer\">\r\n<div id=\"action-menu-9\" class=\"action-menu moodle-actionmenu section-cm-edit-actions commands d-inline\" data-enhance=\"moodle-core-actionmenu\" data-owner=\"#module-10347\">\r\n<div id=\"action-menu-9-menubar\" class=\"menubar d-flex \" role=\"menubar\">\r\n<div class=\"dropdown\"><a class=\"\" href=\"https:\/\/estudiosadministrativos.com\/cursos\/mod\/resource\/view.php?id=10348\"><img class=\"iconlarge activityicon\" role=\"presentation\" src=\"https:\/\/estudiosadministrativos.com\/cursos\/theme\/image.php?theme=boost&amp;component=core&amp;image=f%2Fpdf-24\" alt=\"\" aria-hidden=\"true\" \/><span class=\"instancename\">REGLAMENTO (UE) 2016\/679 DEL PARLAMENTO EUROPEO Y DEL CONSEJO de 27 de abril de 2016<\/span><\/a><\/div>\r\n<\/div>\r\n<\/div>\r\n<\/div>\r\n<\/div>\r\n<div>\r\n<div class=\"mod-indent-outer\">\r\n<div id=\"action-menu-10\" class=\"action-menu moodle-actionmenu section-cm-edit-actions commands d-inline\" data-enhance=\"moodle-core-actionmenu\" data-owner=\"#module-10348\">\r\n<div id=\"action-menu-10-menubar\" class=\"menubar d-flex \" role=\"menubar\">\r\n<div class=\"action-menu-item\"><a class=\"\" href=\"https:\/\/estudiosadministrativos.com\/cursos\/mod\/resource\/view.php?id=10349\"><img class=\"iconlarge activityicon\" role=\"presentation\" src=\"https:\/\/estudiosadministrativos.com\/cursos\/theme\/image.php?theme=boost&amp;component=core&amp;image=f%2Fpdf-24\" alt=\"\" aria-hidden=\"true\" \/><span class=\"instancename\">Ley Org\u00e1nica 3\/2018 de Protecci\u00f3n de Datos Personales y garant\u00eda de los derechos digitales (T\u00edt. I, II y III. Arts. 1 - 18)<\/span><\/a><\/div>\r\n<\/div>\r\n<\/div>\r\n<\/div>\r\n<\/div>\r\n<div>\r\n<div class=\"mod-indent-outer\">\r\n<div id=\"action-menu-11\" class=\"action-menu moodle-actionmenu section-cm-edit-actions commands d-inline\" data-enhance=\"moodle-core-actionmenu\" data-owner=\"#module-10349\">\r\n<div id=\"action-menu-11-menubar\" class=\"menubar d-flex \" role=\"menubar\">\r\n<div class=\"action-menu-item\"><a class=\"\" href=\"https:\/\/estudiosadministrativos.com\/cursos\/mod\/resource\/view.php?id=10350\"><img class=\"iconlarge activityicon\" role=\"presentation\" src=\"https:\/\/estudiosadministrativos.com\/cursos\/theme\/image.php?theme=boost&amp;component=core&amp;image=f%2Fmpeg-24\" alt=\"\" aria-hidden=\"true\" \/><span class=\"instancename\">Conceptos b\u00e1sicos LOPD<\/span><\/a><\/div>\r\n<\/div>\r\n<\/div>\r\n<\/div>\r\n<\/div>\r\n<div>\r\n<div class=\"mod-indent-outer\">\r\n<div id=\"action-menu-12\" class=\"action-menu moodle-actionmenu section-cm-edit-actions commands d-inline\" data-enhance=\"moodle-core-actionmenu\" data-owner=\"#module-10350\">\r\n<div id=\"action-menu-12-menubar\" class=\"menubar d-flex \" role=\"menubar\">\r\n<div class=\"dropdown\"><a class=\"\" href=\"https:\/\/estudiosadministrativos.com\/cursos\/mod\/quiz\/view.php?id=10352\"><img class=\"iconlarge activityicon\" role=\"presentation\" src=\"https:\/\/estudiosadministrativos.com\/cursos\/theme\/image.php?theme=boost&amp;component=quiz&amp;image=icon\" alt=\"\" aria-hidden=\"true\" \/><span class=\"instancename\">TEST 7.2 Ley Org\u00e1nica 3\/2018: T\u00edt. I, T\u00edt. II T\u00edt. III y T\u00edt. V: Cap. I, II, III<\/span><\/a><\/div>\r\n<\/div>\r\n<\/div>\r\n<\/div>\r\n<\/div>\r\n<div>\r\n<div class=\"mod-indent-outer\">\r\n<div id=\"action-menu-14\" class=\"action-menu moodle-actionmenu section-cm-edit-actions commands d-inline\" data-enhance=\"moodle-core-actionmenu\" data-owner=\"#module-10352\">\r\n<div id=\"action-menu-14-menubar\" class=\"menubar d-flex \" role=\"menubar\">\r\n<div class=\"action-menu-item\"><b>19 preguntas, 14 min. \ud83d\udfe9\u00a0<a href=\"https:\/\/estudiosadministrativos.com\/cursos\/pluginfile.php\/13253\/mod_quiz\/intro\/TEST_LEY_PROTECCION_DATOS_3_2018_TIT_I_II_III_V_.pdf\" target=\"_blank\" rel=\"noopener\">Versi\u00f3n en PDF<\/a><\/b><\/div>\r\n<\/div>\r\n<\/div>\r\n<\/div>\r\n<\/div>\r\n<a class=\"\" href=\"https:\/\/estudiosadministrativos.com\/cursos\/mod\/quiz\/view.php?id=10353\"><img class=\"iconlarge activityicon\" role=\"presentation\" src=\"https:\/\/estudiosadministrativos.com\/cursos\/theme\/image.php?theme=boost&amp;component=quiz&amp;image=icon\" alt=\"\" aria-hidden=\"true\" \/><span class=\"instancename\">TEST 7.3 Ley de Protecci\u00f3n de Datos - Ley Org\u00e1nica 3\/2018 - Reglamento (UE) 2016\/679<\/span><\/a>\r\n<div class=\"mod-indent-outer\">\r\n\r\n<span class=\"actions\"><span class=\"filler\">\u00a0<\/span><\/span><b>45 preguntas, 40 min.\u00a0\ud83d\udfe9\u00a0<a href=\"https:\/\/estudiosadministrativos.com\/cursos\/pluginfile.php\/13254\/mod_quiz\/intro\/TEST_Ley_de_ProteccDatos-Ley32018-REGLAMENTOUE_2016679.pdf\" target=\"_blank\" rel=\"noopener\">Versi\u00f3n en PDF<\/a><\/b>\r\n\r\n<\/div>\r\n<div>\r\n\r\n<a class=\"\" href=\"https:\/\/estudiosadministrativos.com\/cursos\/mod\/quiz\/view.php?id=10354\"><img class=\"iconlarge activityicon\" role=\"presentation\" src=\"https:\/\/estudiosadministrativos.com\/cursos\/theme\/image.php?theme=boost&amp;component=quiz&amp;image=icon\" alt=\"\" aria-hidden=\"true\" \/><span class=\"instancename\">TEST 7.4. Principios de protecci\u00f3n de datos. Derechos de las personas (arts. 1 - 18)<\/span><\/a>\r\n<div class=\"mod-indent-outer\">\r\n<div id=\"action-menu-16\" class=\"action-menu moodle-actionmenu section-cm-edit-actions commands d-inline\" data-enhance=\"moodle-core-actionmenu\" data-owner=\"#module-10354\">\r\n<div id=\"action-menu-16-menubar\" class=\"menubar d-flex \" role=\"menubar\">\r\n<div class=\"action-menu-item\"><b>30 preguntas, 25 minutos \ud83d\udfe9\u00a0<a href=\"https:\/\/estudiosadministrativos.com\/cursos\/pluginfile.php\/13255\/mod_quiz\/intro\/TEST_LEY_3_2018_PROT_DATOS_ART_1_18_30P_%20%281%29%20%281%29%20%281%29%20%282%29%20%282%29%20%281%29.pdf\" target=\"_blank\" rel=\"noopener\">Versi\u00f3n en PDF<\/a>\u00a0\ud83d\udfe9\u00a0<a href=\"https:\/\/estudiosadministrativos.com\/cursos\/pluginfile.php\/13255\/mod_quiz\/intro\/Ley_3_2018_proteccion_datosart1-18SUBRAYADAA.pdf\" target=\"_blank\" rel=\"noopener\">Ley SUBRAYADA seg\u00fan la respuesta correcta<\/a><\/b><\/div>\r\n<\/div>\r\n<\/div>\r\n<div class=\"contentafterlink\">\r\n<div class=\"no-overflow\">\r\n<div class=\"no-overflow\">\r\n\r\n<a href=\"https:\/\/estudiosadministrativos.com\/cursos\/pluginfile.php\/13255\/mod_quiz\/intro\/reglamento5-19%20%281%29.pdf\" target=\"_blank\" rel=\"noopener\"><b>Reglamento\u00a0(UE) 2016\/679 D\u00a0SUBRAYADO seg\u00fan la respuesta correcta<\/b><\/a>\r\n\r\n<\/div>\r\n<\/div>\r\n<\/div>\r\n<\/div>\r\n<\/div>\r\n<div>\r\n\r\n<a class=\"\" href=\"https:\/\/estudiosadministrativos.com\/cursos\/mod\/quiz\/view.php?id=10355\"><img class=\"iconlarge activityicon\" role=\"presentation\" src=\"https:\/\/estudiosadministrativos.com\/cursos\/theme\/image.php?theme=boost&amp;component=quiz&amp;image=icon\" alt=\"\" aria-hidden=\"true\" \/><span class=\"instancename\">TEMA 10 TEST BATER\u00cdA IVAP 2022 Aspectos b\u00e1sicos de la protecci\u00f3n de datos personales \ud83d\udfe6\ud83d\udfe6\ud83d\udfe6\ud83d\udfe6\ud83d\udfe6\ud83d\udfe6\ud83d\udfe6\ud83d\udfe6 201 - 212<\/span><\/a>\r\n<div class=\"mod-indent-outer\">\r\n<div id=\"action-menu-17\" class=\"action-menu moodle-actionmenu section-cm-edit-actions commands d-inline\" data-enhance=\"moodle-core-actionmenu\" data-owner=\"#module-10355\">\r\n<div id=\"action-menu-17-menubar\" class=\"menubar d-flex \" role=\"menubar\">\r\n<div class=\"action-menu-item\"><b>12 preguntas, 8 minutos \ud83d\udfe9\u00a0<a href=\"https:\/\/estudiosadministrativos.com\/cursos\/pluginfile.php\/13256\/mod_quiz\/intro\/BATERIAIVAO_2022_201-212_CONRESPUESTAS.pdf\" target=\"_blank\" rel=\"noopener\">Versi\u00f3n en PDF<\/a>\u00a0\ud83d\udfe9\u00a0<a href=\"https:\/\/estudiosadministrativos.com\/cursos\/pluginfile.php\/13256\/mod_quiz\/intro\/Temario-Aux-Administrativos-2021-CAST-DIG%20LDPDP_SUBRAYADOS.pdf\" target=\"_blank\" rel=\"noopener\">Apuntes SUBRAYADOS seg\u00fan las respuestas<\/a><\/b><\/div>\r\n<\/div>\r\n<\/div>\r\n<\/div>\r\n<\/div>","_et_gb_content_width":""},"product_brand":[],"product_cat":[40,141],"product_tag":[242,241,243,240],"class_list":{"0":"post-3874","1":"product","2":"type-product","3":"status-publish","4":"has-post-thumbnail","6":"product_cat-cursos-de-oposiciones","7":"product_cat-cursos-sobre-temas-concretos","8":"product_tag-ley-3-2018-de-proteccion-de-datos","9":"product_tag-ley-de-proteccion-de-datos-personales","10":"product_tag-oposiciones-proteccionde-datos","11":"product_tag-proteccion-de-datos-personales","13":"first","14":"instock","15":"virtual","16":"purchasable","17":"product-type-simple"},"_links":{"self":[{"href":"https:\/\/estudiosadministrativos.com\/inscripcion\/wp-json\/wp\/v2\/product\/3874","targetHints":{"allow":["GET"]}}],"collection":[{"href":"https:\/\/estudiosadministrativos.com\/inscripcion\/wp-json\/wp\/v2\/product"}],"about":[{"href":"https:\/\/estudiosadministrativos.com\/inscripcion\/wp-json\/wp\/v2\/types\/product"}],"replies":[{"embeddable":true,"href":"https:\/\/estudiosadministrativos.com\/inscripcion\/wp-json\/wp\/v2\/comments?post=3874"}],"wp:featuredmedia":[{"embeddable":true,"href":"https:\/\/estudiosadministrativos.com\/inscripcion\/wp-json\/wp\/v2\/media\/3875"}],"wp:attachment":[{"href":"https:\/\/estudiosadministrativos.com\/inscripcion\/wp-json\/wp\/v2\/media?parent=3874"}],"wp:term":[{"taxonomy":"product_brand","embeddable":true,"href":"https:\/\/estudiosadministrativos.com\/inscripcion\/wp-json\/wp\/v2\/product_brand?post=3874"},{"taxonomy":"product_cat","embeddable":true,"href":"https:\/\/estudiosadministrativos.com\/inscripcion\/wp-json\/wp\/v2\/product_cat?post=3874"},{"taxonomy":"product_tag","embeddable":true,"href":"https:\/\/estudiosadministrativos.com\/inscripcion\/wp-json\/wp\/v2\/product_tag?post=3874"}],"curies":[{"name":"wp","href":"https:\/\/api.w.org\/{rel}","templated":true}]}}